{"id":733,"date":"2017-03-08T13:57:44","date_gmt":"2017-03-08T13:57:44","guid":{"rendered":"http:\/\/derwerf.com\/?page_id=733"},"modified":"2017-03-08T16:12:04","modified_gmt":"2017-03-08T16:12:04","slug":"blogblog","status":"publish","type":"page","link":"https:\/\/derwerf.com\/index.php\/blogblog\/","title":{"rendered":"Blog"},"content":{"rendered":"<p><code>\n<!-- NOTE: If you need to make changes to this file, copy it to your current theme's main\n\tdirectory so your changes won't be overwritten when the plugin is upgraded. -->\n\n<!-- Post Wrap Start-->\n<div class=\"post hentry ivycat-post\">\n\t\n\t<!-- \tThis outputs the post TITLE -->\n\t<h2 class=\"entry-title\"><a href=\"https:\/\/derwerf.com\/index.php\/2025\/10\/19\/retraite-schrijven\/\">Retraite &#038; Schrijven<\/a><\/h2>\n\n\t<!-- \tThis outputs the post EXCERPT.  To display full content including images and html, \n\t\treplace the_excerpt(); with the_content();  below. -->\n\t<div class=\"entry-summary\">\n\t<p><img loading=\"lazy\" decoding=\"async\" class=\"alignnone size-full wp-image-3556\" src=\"https:\/\/derwerf.com\/wp-content\/uploads\/2025\/10\/italie_buiten.jpg\" alt=\"\" width=\"1315\" height=\"473\" srcset=\"https:\/\/derwerf.com\/wp-content\/uploads\/2025\/10\/italie_buiten.jpg 1315w, https:\/\/derwerf.com\/wp-content\/uploads\/2025\/10\/italie_buiten-300x108.jpg 300w, https:\/\/derwerf.com\/wp-content\/uploads\/2025\/10\/italie_buiten-1024x368.jpg 1024w, https:\/\/derwerf.com\/wp-content\/uploads\/2025\/10\/italie_buiten-768x276.jpg 768w, https:\/\/derwerf.com\/wp-content\/uploads\/2025\/10\/italie_buiten-624x224.jpg 624w\" sizes=\"auto, (max-width: 1315px) 100vw, 1315px\" \/><\/p>\n<p>Itali\u00eb &#8211; zomer 2025 &#8211; terugblik op een retraite<\/p>\n<p>Een week voordat de deelnemers kwamen, arriveerde ik, beladen met tekenmaterialen, in Azzano. Een klein dorpje in de Apuaanse Alpen, helemaal onderin Toscane. Ik kende de plek al, maar nog niet als retraiteplek. En ik verheugde me erg om de omgeving met die ogen te bekijken. Thuis had ik allerlei plannen uitgewerkt, nu was het zaak om ter plekke te kijken.<\/p>\n<p>Opnieuw werd ik verliefd op de plek. Alle plannen die ik had uitgewerkt moesten echter bijgesteld worden naar de temperatuur die deze week omhoog schoot. Dat was misschien wel het mooiste cadeau dat de natuur me kon geven. Door de warmte was een strak schema een absurd idee. De verleiding om me &#8220;aan een plan te houden&#8221; verdween als sneeuw in deze temperaturen en zo kon ik in de volledig vrijheid van het moment lesgeven.<\/p>\n<p>Volledig passend in wens die ik had voor deze week:<br \/>\nDe deelnemers via het tekenen\/schilderen en de natuur, uit te nodigen om te ervaren dat ze niks hoeven te doen om te zijn wie ze zijn.<\/p>\n<p>Het werd een magische week.<\/p>\n<p>Bij terugkomst in Nederland schreef ik een stuk voor het tijdschrift &#8220;Vruchtbare Aarde&#8221; over de schilder Frans Copijn. In dit stuk verweef ik mijn ervaringen van deze retraiteweek met mijn indrukken van het werk van Frans Copijn.<\/p>\n<p>Linkjes:<\/p>\n<p><strong><a href=\"https:\/\/derwerf.com\/wp-content\/uploads\/2025\/10\/Essay-Frans-Copijn-VA-3-2025-LIGGEND.pdf\" target=\"_blank\" rel=\"noopener\">Je kunt het stuk hier lezen<\/a>.<\/strong><br \/>\nJe kunt <a href=\"https:\/\/vruchtbareaarde.nl\/webwinkel\/\" target=\"_blank\" rel=\"noopener\">hier het nummer van Vruchtbare Aarde<\/a> nabestellen. (Overigens schreef ik ook een artikel in nummer 2-2025, over Tanis Helliwell, die is hier ook na te bestellen)<br \/>\nJe kunt het boek bestellen <a href=\"https:\/\/www.franscopijn.nl\/\" target=\"_blank\" rel=\"noopener\">op de website van de stichting van Frans Copijn<\/a>. Hier zie je ook de info over de expo in het <a href=\"https:\/\/www.vreedehuis.nl\/\" target=\"_blank\" rel=\"noopener\">Vreedehuis<\/a> in Den Haag (nov-jan 2025-26).<\/p>\n<p><a href=\"https:\/\/derwerf.com\/wp-content\/uploads\/2025\/10\/Essay-Frans-Copijn-VA-3-2025-LIGGEND.pdf\" target=\"_blank\" rel=\"noopener\"><img loading=\"lazy\" decoding=\"async\" class=\"alignnone size-full wp-image-3557\" src=\"https:\/\/derwerf.com\/wp-content\/uploads\/2025\/10\/VA1.jpg\" alt=\"\" width=\"1328\" height=\"810\" srcset=\"https:\/\/derwerf.com\/wp-content\/uploads\/2025\/10\/VA1.jpg 1328w, https:\/\/derwerf.com\/wp-content\/uploads\/2025\/10\/VA1-300x183.jpg 300w, https:\/\/derwerf.com\/wp-content\/uploads\/2025\/10\/VA1-1024x625.jpg 1024w, https:\/\/derwerf.com\/wp-content\/uploads\/2025\/10\/VA1-768x468.jpg 768w, https:\/\/derwerf.com\/wp-content\/uploads\/2025\/10\/VA1-624x381.jpg 624w\" sizes=\"auto, (max-width: 1328px) 100vw, 1328px\" \/><\/a> <a href=\"https:\/\/derwerf.com\/wp-content\/uploads\/2025\/10\/Essay-Frans-Copijn-VA-3-2025-LIGGEND.pdf\" target=\"_blank\" rel=\"noopener\"><img loading=\"lazy\" decoding=\"async\" class=\"alignnone size-full wp-image-3558\" src=\"https:\/\/derwerf.com\/wp-content\/uploads\/2025\/10\/VA2.jpg\" alt=\"\" width=\"1430\" height=\"810\" srcset=\"https:\/\/derwerf.com\/wp-content\/uploads\/2025\/10\/VA2.jpg 1430w, https:\/\/derwerf.com\/wp-content\/uploads\/2025\/10\/VA2-300x170.jpg 300w, https:\/\/derwerf.com\/wp-content\/uploads\/2025\/10\/VA2-1024x580.jpg 1024w, https:\/\/derwerf.com\/wp-content\/uploads\/2025\/10\/VA2-768x435.jpg 768w, https:\/\/derwerf.com\/wp-content\/uploads\/2025\/10\/VA2-624x353.jpg 624w\" sizes=\"auto, (max-width: 1430px) 100vw, 1430px\" \/><\/a> <a href=\"https:\/\/derwerf.com\/wp-content\/uploads\/2025\/10\/Essay-Frans-Copijn-VA-3-2025-LIGGEND.pdf\" target=\"_blank\" rel=\"noopener\"><img loading=\"lazy\" decoding=\"async\" class=\"alignnone size-full wp-image-3559\" src=\"https:\/\/derwerf.com\/wp-content\/uploads\/2025\/10\/VA3.jpg\" alt=\"\" width=\"1427\" height=\"810\" srcset=\"https:\/\/derwerf.com\/wp-content\/uploads\/2025\/10\/VA3.jpg 1427w, https:\/\/derwerf.com\/wp-content\/uploads\/2025\/10\/VA3-300x170.jpg 300w, https:\/\/derwerf.com\/wp-content\/uploads\/2025\/10\/VA3-1024x581.jpg 1024w, https:\/\/derwerf.com\/wp-content\/uploads\/2025\/10\/VA3-768x436.jpg 768w, https:\/\/derwerf.com\/wp-content\/uploads\/2025\/10\/VA3-624x354.jpg 624w\" sizes=\"auto, (max-width: 1427px) 100vw, 1427px\" \/><\/a> <a href=\"https:\/\/derwerf.com\/wp-content\/uploads\/2025\/10\/Essay-Frans-Copijn-VA-3-2025-LIGGEND.pdf\" target=\"_blank\" rel=\"noopener\"><img loading=\"lazy\" decoding=\"async\" class=\"alignnone size-full wp-image-3560\" src=\"https:\/\/derwerf.com\/wp-content\/uploads\/2025\/10\/VA4.jpg\" alt=\"\" width=\"1429\" height=\"810\" srcset=\"https:\/\/derwerf.com\/wp-content\/uploads\/2025\/10\/VA4.jpg 1429w, https:\/\/derwerf.com\/wp-content\/uploads\/2025\/10\/VA4-300x170.jpg 300w, https:\/\/derwerf.com\/wp-content\/uploads\/2025\/10\/VA4-1024x580.jpg 1024w, https:\/\/derwerf.com\/wp-content\/uploads\/2025\/10\/VA4-768x435.jpg 768w, https:\/\/derwerf.com\/wp-content\/uploads\/2025\/10\/VA4-624x354.jpg 624w\" sizes=\"auto, (max-width: 1429px) 100vw, 1429px\" \/><\/a> <a href=\"https:\/\/vruchtbareaarde.nl\/nieuwsbrief\/nieuwsbrief_2025_3.html\" target=\"_blank\" rel=\"noopener\"><img loading=\"lazy\" decoding=\"async\" class=\"alignnone wp-image-3561 size-medium\" src=\"https:\/\/derwerf.com\/wp-content\/uploads\/2025\/10\/VA5-228x300.jpg\" alt=\"\" width=\"228\" height=\"300\" srcset=\"https:\/\/derwerf.com\/wp-content\/uploads\/2025\/10\/VA5-228x300.jpg 228w, https:\/\/derwerf.com\/wp-content\/uploads\/2025\/10\/VA5-777x1024.jpg 777w, https:\/\/derwerf.com\/wp-content\/uploads\/2025\/10\/VA5-768x1013.jpg 768w, https:\/\/derwerf.com\/wp-content\/uploads\/2025\/10\/VA5-624x823.jpg 624w, https:\/\/derwerf.com\/wp-content\/uploads\/2025\/10\/VA5.jpg 810w\" sizes=\"auto, (max-width: 228px) 100vw, 228px\" \/><\/a><\/p>\n<\/div>\n\n\t<!--\tThis outputs the post META information -->\n\t<div class=\"entry-utility\">\n\t\t\t\t\t<span class=\"cat-links\">\n\t\t\t\t<span class=\"entry-utility-prep entry-utility-prep-cat-links\">Posted in<\/span> <a href=\"https:\/\/derwerf.com\/index.php\/category\/uncategorized\/\" rel=\"category tag\">Uncategorized<\/a>\t\t\t<\/span>\n\t\t\t<span class=\"meta-sep\">|<\/span>\n\t\t\t\t\t\t<span class=\"comments-link\"><span>Reacties uitgeschakeld<span class=\"screen-reader-text\"> voor Retraite &#038; Schrijven<\/span><\/span><\/span>\n\t\t\t<\/div>\n<\/div>\n<!-- \/\/ Post Wrap End -->\n\n<!-- NOTE: If you need to make changes to this file, copy it to your current theme's main\n\tdirectory so your changes won't be overwritten when the plugin is upgraded. -->\n\n<!-- Post Wrap Start-->\n<div class=\"post hentry ivycat-post\">\n\t\n\t<!-- \tThis outputs the post TITLE -->\n\t<h2 class=\"entry-title\"><a href=\"https:\/\/derwerf.com\/index.php\/2025\/04\/22\/cadeaus\/\">Een dag vol cadeaus<\/a><\/h2>\n\n\t<!-- \tThis outputs the post EXCERPT.  To display full content including images and html, \n\t\treplace the_excerpt(); with the_content();  below. -->\n\t<div class=\"entry-summary\">\n\t<p><em>de openingsdag van de expo Loszingend Licht<\/em><\/p>\n<p><img loading=\"lazy\" decoding=\"async\" class=\"alignnone size-full wp-image-3366\" src=\"https:\/\/derwerf.com\/wp-content\/uploads\/2025\/04\/titelarea.jpg\" alt=\"\" width=\"600\" height=\"345\" srcset=\"https:\/\/derwerf.com\/wp-content\/uploads\/2025\/04\/titelarea.jpg 600w, https:\/\/derwerf.com\/wp-content\/uploads\/2025\/04\/titelarea-300x173.jpg 300w\" sizes=\"auto, (max-width: 600px) 100vw, 600px\" \/><\/p>\n<p><em>De voorbereiding op de expo<\/em><br \/>\nMartha is de oprichter van Atelier Komma; een huisgalerie in Deventer. Huisgalerie betekent; de galerie is tevens de werkplaats van haar man Henk en hun woonhuis. Alles is tegelijk aanwezig. Geen kale witte kubus.<br \/>\nAls Martha een expo inricht, overlegt ze met het huis, zoals zij het zegt. Ze loopt met alle werken rond, probeert wat en vraagt het huis wat zij ervan vindt. Dit proces duurt dagen en soms blijft ze ook tijdens de expo schuiven. Zoals ik een kunstwerk maakt, zo maakt zij een expositie.<\/p>\n<p>Tijdens de opbouw is het een kakafonie van verschillende stemmen, die op een gegeven moment een gedeelde toon vinden, in die ene toon wordt stil <span style=\"font-size: 1rem;\">en dan weet je dat alles zijn plek gevonden heeft. &#8220;Ja, nu klopt het!&#8221; mailde ze me. Als Deventer iets dichterbij geweest was was ik er gelijk heen gegaan, maar nu wacht ik tot de opening.<br \/>\n<\/span><\/p>\n<p><em>De ochtend van de opening<\/em><br \/>\nOp de dag van de opening, ging ik met een openingspraatje in mijn hoofd en Joep (mijn lief) naast me, naar Deventer. Nieuwsgierig naar wat Martha gemaakt had.<br \/>\nMaar eerst wachtte er nog een cadeau op me bij vrienden. Een werk van mijn hand hing prachtig in hun nieuwe huis; op de werkplek goed in zicht. Precies daar, als herinnering aan zichzelf, om zich te herinneren aan wie hij ten diepste van zijn wezen is, en aan de verlangens van zijn ziel die daarbij horen. Als het werk hem opslokt, kijkt hij even naar boven om weer terug in zichzelf te komen.<\/p>\n<p>Een groot compliment en een heerlijk begin van de dag! Cadeau!<\/p>\n<p><em>Begin van de middag<\/em><br \/>\nAangekomen in de expo, weet ik niet goed waar ik kijken moet. Overal gebeurt wat. Werken van mij uit verschillende periodes hangen gebroederlijk naast elkaar met werken van andere kunstenaars. Werk uit hun eigen collectie, het <a href=\"https:\/\/derwerf.com\/index.php\/energieportretten\/\" target=\"_blank\" rel=\"noopener\">energieportret<\/a> van Henk, alles heeft een plekje gevonden. Nu ik erover aan het typen ben verlang ik er weer te zijn en er te kijken, rond te dwalen. De combinaties nog eens rustig tot me door te laten dringen. (<a href=\"https:\/\/derwerf.com\/index.php\/agenda\/\" target=\"_blank\" rel=\"noopener\">Binnenkort ga ik weer<\/a>!)<\/p>\n<p>En er waren totale verrassingen. Zoals de foto bovenaan deze pagina &#8220;titelarea&#8221;. Martha vond dat de titels extra aandacht verdiende en heeft er een stel uitgezocht en opgehangen. Zonder verwijzing naar de werken, gewoon sec de woorden. Dat is een vondst die ik best nog eens kan\u00a0 gebruiken.<\/p>\n<p>Het werkt ook goed in de expo; het is heel fijn om je ogen even &#8220;vormrust&#8221; te geven en in plaats daarvan letters &#8220;te eten&#8221; te geven. Afwisseling van spijzen.<\/p>\n<p>Het is een expositie die ik zelf nooit zo vormgegeven zou hebben. Hoe gaaf is dat? Om positief verrast te worden door mijn eigen werk. Ze laat zien hoe zij mijn werk ziet en daar ben ik dankbaar voor. Zo kan ik mijn werk ook weer anders bezien. Cadeau!<\/p>\n<p><em>De opening<\/em><br \/>\nHet weer was prachtig en in de zon, verzamelde zich langzaam een mooie club mensen.<br \/>\nPraatjes houden op een opening vind ik altijd een beetje spannend en ik was blij dat Martha begon. Zij bleek ook een praatje te hebben voorbereid en stiekem overwoog ik om mijn praatje voor mezelf te houden&#8230; Gelukkig heb ik dat niet gedaan, zodat er in het moment iets nieuws kon ontstaan. Onze praatjes vloeide prachtig samen tot een geheel. Fijn praatje, mooie aandacht van de mensen. Weer een cadeau!<\/p>\n<p><img loading=\"lazy\" decoding=\"async\" class=\"alignnone size-full wp-image-3378\" src=\"https:\/\/derwerf.com\/wp-content\/uploads\/2025\/04\/samen2.jpg\" alt=\"\" width=\"736\" height=\"311\" srcset=\"https:\/\/derwerf.com\/wp-content\/uploads\/2025\/04\/samen2.jpg 736w, https:\/\/derwerf.com\/wp-content\/uploads\/2025\/04\/samen2-300x127.jpg 300w, https:\/\/derwerf.com\/wp-content\/uploads\/2025\/04\/samen2-624x264.jpg 624w\" sizes=\"auto, (max-width: 736px) 100vw, 736px\" \/><\/p>\n<p><em>Delen<\/em><br \/>\nEn het was nog niet klaar. Terwijl iedereen zich verspreidde over het huis om de werken te bekijken, kwamen twee heren die ik ken van een verkoop van bijna 10 jaar geleden, naar me toe. Ze waren speciaal naar de opening gekomen om mij in persoon te kunnen vertellen wat hun schilderij voor ze betekende. Dat was zo ontroerend dat ik 5 minuten aan het natrillen was. Ik noem mijzelf kunstenaar en heler, hier vloeide die twee zo natuurlijk in elkaar, dat ik er even helemaal stil van was. Cadeau!<\/p>\n<p><img loading=\"lazy\" decoding=\"async\" class=\"alignnone size-full wp-image-3373\" src=\"https:\/\/derwerf.com\/wp-content\/uploads\/2025\/04\/stilte-en-full-moon-throw-m.jpg\" alt=\"\" width=\"700\" height=\"354\" srcset=\"https:\/\/derwerf.com\/wp-content\/uploads\/2025\/04\/stilte-en-full-moon-throw-m.jpg 700w, https:\/\/derwerf.com\/wp-content\/uploads\/2025\/04\/stilte-en-full-moon-throw-m-300x152.jpg 300w, https:\/\/derwerf.com\/wp-content\/uploads\/2025\/04\/stilte-en-full-moon-throw-m-624x316.jpg 624w\" sizes=\"auto, (max-width: 700px) 100vw, 700px\" \/><\/p>\n<p>Niet alleen ikzelf was enthousiast over de expo, gelukkig. Er kwamen veel fijne reacties terug. Een paar kende mijn werk al van vorige expo&#8217;s en was nu weer van de partij. Ze waren beidde enthousiast, maar net over andere werken. Dan maar allebei!<\/p>\n<p>Ze hebben de mazzel dat ze op het punt staan om te verhuizen. Ik stel me voor hoe ze als eerste de schilderijen ophangen en dan de rest van de indeling gaan verzorgen. Misschien is dat een beetje een egocentrische gedachte en draait niet de hele wereld om mijn schilderijen? Maar het is wel een mooi beeld, een kaal huis met twee schilderijen als beginpunt!<\/p>\n<p><em>&#8220;Kunst verhuurd&#8221;<\/em><br \/>\nDus de befaamde rode stickers zijn geplakt. Dit keer niet voor verkoop, maar voor verhuur. <a href=\"https:\/\/derwerf.com\/index.php\/contact\/kunstliefde\/\" target=\"_blank\" rel=\"noopener\">Verhuren van kunst<\/a> is voor mij een prachtige combinatie tussen drempelverlagende vrijblijvendheid, verbondenheid en vertrouwen. Ik bied het al heel lang aan, maar pas sinds kort hang ik het aan de grote klok (knipoog naar het plaatje hierboven). Dus zeg het graag voort!<\/p>\n<p><em>De ontvangst<\/em><br \/>\nOp de school voor journalistiek leerde ik over communicatie: Je hebt een zender, een boodschap (schilderij), en een ontvanger. In het atelier draait alles om &#8220;de boodschap&#8221;, soms raakt &#8220;de ontvangst&#8221; een beetje buiten beeld. Wat doen de schilderijen als ze uitgevlogen zijn? Deze dag was voor mij het feest<span style=\"font-size: 1rem;\"> van &#8220;de ontvangst&#8221;. <\/span><\/p>\n<p><span style=\"font-size: 1rem;\">\u00a0Vol dankbaarheid neem ik deze ervaring mee het atelier in.<\/span><\/p>\n<p>Bedankt iedereen!!<\/p>\n<p><img loading=\"lazy\" decoding=\"async\" class=\"alignnone size-full wp-image-3377\" src=\"https:\/\/derwerf.com\/wp-content\/uploads\/2025\/04\/poster.jpg\" alt=\"\" width=\"700\" height=\"315\" srcset=\"https:\/\/derwerf.com\/wp-content\/uploads\/2025\/04\/poster.jpg 700w, https:\/\/derwerf.com\/wp-content\/uploads\/2025\/04\/poster-300x135.jpg 300w, https:\/\/derwerf.com\/wp-content\/uploads\/2025\/04\/poster-624x281.jpg 624w\" sizes=\"auto, (max-width: 700px) 100vw, 700px\" \/><\/p>\n<p><em>De expo is nog open t\/m 24 mei 2025<\/em><br \/>\n<em><a href=\"https:\/\/derwerf.com\/index.php\/agenda\/\" target=\"_blank\" rel=\"noopener\">En 4 mei ben ik aanwezig voor een artist talk gevolgd door een workshop.<\/a><\/em><\/p>\n<\/div>\n\n\t<!--\tThis outputs the post META information -->\n\t<div class=\"entry-utility\">\n\t\t\t\t\t<span class=\"cat-links\">\n\t\t\t\t<span class=\"entry-utility-prep entry-utility-prep-cat-links\">Posted in<\/span> <a href=\"https:\/\/derwerf.com\/index.php\/category\/uncategorized\/\" rel=\"category tag\">Uncategorized<\/a>\t\t\t<\/span>\n\t\t\t<span class=\"meta-sep\">|<\/span>\n\t\t\t\t\t\t<span class=\"comments-link\"><span>Reacties uitgeschakeld<span class=\"screen-reader-text\"> voor Een dag vol cadeaus<\/span><\/span><\/span>\n\t\t\t<\/div>\n<\/div>\n<!-- \/\/ Post Wrap End -->\n\n<!-- NOTE: If you need to make changes to this file, copy it to your current theme's main\n\tdirectory so your changes won't be overwritten when the plugin is upgraded. -->\n\n<!-- Post Wrap Start-->\n<div class=\"post hentry ivycat-post\">\n\t\n\t<!-- \tThis outputs the post TITLE -->\n\t<h2 class=\"entry-title\"><a href=\"https:\/\/derwerf.com\/index.php\/2025\/04\/02\/loszingend-licht\/\">Loszingend licht<\/a><\/h2>\n\n\t<!-- \tThis outputs the post EXCERPT.  To display full content including images and html, \n\t\treplace the_excerpt(); with the_content();  below. -->\n\t<div class=\"entry-summary\">\n\t<div id=\"attachment_3354\" style=\"width: 557px\" class=\"wp-caption alignnone\"><img loading=\"lazy\" decoding=\"async\" aria-describedby=\"caption-attachment-3354\" class=\"wp-image-3354 size-full\" src=\"https:\/\/derwerf.com\/wp-content\/uploads\/2025\/04\/het-was-er-toch-al-lang.jpg\" alt=\"\" width=\"547\" height=\"499\" srcset=\"https:\/\/derwerf.com\/wp-content\/uploads\/2025\/04\/het-was-er-toch-al-lang.jpg 547w, https:\/\/derwerf.com\/wp-content\/uploads\/2025\/04\/het-was-er-toch-al-lang-300x274.jpg 300w\" sizes=\"auto, (max-width: 547px) 100vw, 547px\" \/><p id=\"caption-attachment-3354\" class=\"wp-caption-text\">tekening &#8220;het was er toch al lang&#8221; uit 2013<\/p><\/div>\n<p>Zaterdag 12 april tot en met zondag 25 mei, zijn er in Atelier Komma schilderijen en tekeningen van mij te zien. <a href=\"https:\/\/www.atelierkomma.nl\/\" target=\"_blank\" rel=\"noopener\">Atelier Komma<\/a> zit in een prachtig oud pand in het centrum van Deventer, vlak naast de IJssel. Komma is open op vrijdag en zondag van 11.00-17.00. Een <a href=\"https:\/\/www.atelierkomma.nl\/contact\/\" target=\"_blank\" rel=\"noopener\">afspraak maken<\/a> is ook mogelijk.<\/p>\n<p>Deze expo is voortgekomen uit een ontdekking die we deden bij het bekijken van een stel oudere werken van me. Hieronder zie je er twee van. (Ze zijn niet zo fotogeniek, dus je moet ze echt in het echt komen bekijken!) We zaten te zoeken wat er in deze werken zat, wat ze boeiend maakt en met elkaar verbond. En we kwamen tot de conclusie dat het een bepaald soort licht was. Loszingend licht.<\/p>\n<div id=\"attachment_3355\" style=\"width: 580px\" class=\"wp-caption alignnone\"><img loading=\"lazy\" decoding=\"async\" aria-describedby=\"caption-attachment-3355\" class=\"size-full wp-image-3355\" src=\"https:\/\/derwerf.com\/wp-content\/uploads\/2025\/04\/hanneke-van-der-werf-vuur-e.jpg\" alt=\"\" width=\"570\" height=\"304\" srcset=\"https:\/\/derwerf.com\/wp-content\/uploads\/2025\/04\/hanneke-van-der-werf-vuur-e.jpg 570w, https:\/\/derwerf.com\/wp-content\/uploads\/2025\/04\/hanneke-van-der-werf-vuur-e-300x160.jpg 300w\" sizes=\"auto, (max-width: 570px) 100vw, 570px\" \/><p id=\"caption-attachment-3355\" class=\"wp-caption-text\">collages &#8211; 2008<\/p><\/div>\n<p>En omdat dit soort licht precies is wat ik op het moment zeer boeiend vind, besloten we tot een expo over dit licht, met werk door de jaren heen.<br \/>\nHet werk boven aan deze pagina bijvoorbeeld, maakte ik in 2013. Pas veel later kreeg het zijn titel &#8220;het was er toch al lang&#8221;. Het duurde bij mij jaren voor ik de schoonheid van dit werk \u00e9cht kon zien en het zijn titel kreeg.<\/p>\n<p><em>\u201cAlles is er al. Het licht is er al, het is aan mij om de omstandigheden te schilderen waarin het licht zichtbaar wordt. Als dat gebeurt reikt het beeld verder dan het platte vlak. Als beschouwer kan je -als het ware- het licht instappen. Het licht lijkt op haar beurt zich los te maken van het platte vlak en de ruimte in te stromen.\u201d<\/em><\/p>\n<p>Nu werk ik bewuster naar dit soort licht toe. Zie hieronder een recent schilderijtje &#8220;liefdeslicht&#8221;.<\/p>\n<div id=\"attachment_3358\" style=\"width: 435px\" class=\"wp-caption alignnone\"><img loading=\"lazy\" decoding=\"async\" aria-describedby=\"caption-attachment-3358\" class=\" wp-image-3358\" src=\"https:\/\/derwerf.com\/wp-content\/uploads\/2025\/04\/Hanneke-van-der-werf-klein-.jpg\" alt=\"\" width=\"425\" height=\"406\" srcset=\"https:\/\/derwerf.com\/wp-content\/uploads\/2025\/04\/Hanneke-van-der-werf-klein-.jpg 524w, https:\/\/derwerf.com\/wp-content\/uploads\/2025\/04\/Hanneke-van-der-werf-klein--300x286.jpg 300w\" sizes=\"auto, (max-width: 425px) 100vw, 425px\" \/><p id=\"caption-attachment-3358\" class=\"wp-caption-text\">liefdeslicht 20 x 20cm -2024<\/p><\/div>\n<p>Hoe kan ik het licht nog anders beschrijven? Denk aan een \u00a0lichtgevende wolk, of mistflarden in de ochtendschemer die het licht hebben weten te vangen en deze heel mild uitstralen&#8230; voor mij is het alsof er een wolk Liefde door het landschap trekt. Een magisch licht, waar je de kracht en de schoonheid van de natuur in voelt. Licht dat je stil maakt.<\/p>\n<p>Welkom om het zelf te komen ervaren!<\/p>\n<h1>Opening zaterdag 12 april 16:00<\/h1>\n<p>Adres:<br \/>\nAtelier Komma<br \/>\nAchter de Muren Vispoort 46 &#8211; Deventer (vlak bij het pontje, aan de overkant van de IJssel kun je makkelijk parkeren en dan met het voetgangers-pontje over)<\/p>\n<p><em>Wil je niet alleen kijken, maar ook luisteren, en wellicht ook zelf doen? Ik zet graag een boom op over het werk, het licht, de stilte, de magie. Zondag 4 mei organiseren we een &#8220;artist talk&#8221;, waarna je eventueel mee kunt doen aan een workshop, waarin je zelf aan de slag gaat met het licht vrijmaken, of zichtbaar maken. Meer info volgt nog, maar heb je nu al interesse, neem contact op!<br \/>\n<\/em><em style=\"font-size: 1rem;\"><span style=\"font-size: 1rem;\"><strong>Zondag 4 mei:13:00- 14:00 artist talk 14:30 &#8211; 16:00 workshop<\/strong>. Je kunt ze allebei volgen, maar dat hoeft niet. Kosten: Er zal een &#8220;vrije gift&#8221; doos staan.\u00a0<\/span><\/em><\/p>\n<p><em><span style=\"font-size: 1rem;\">\u00a0<\/span><\/em><\/p>\n<\/div>\n\n\t<!--\tThis outputs the post META information -->\n\t<div class=\"entry-utility\">\n\t\t\t\t\t<span class=\"cat-links\">\n\t\t\t\t<span class=\"entry-utility-prep entry-utility-prep-cat-links\">Posted in<\/span> <a href=\"https:\/\/derwerf.com\/index.php\/category\/uncategorized\/\" rel=\"category tag\">Uncategorized<\/a>\t\t\t<\/span>\n\t\t\t<span class=\"meta-sep\">|<\/span>\n\t\t\t\t\t\t<span class=\"comments-link\"><span>Reacties uitgeschakeld<span class=\"screen-reader-text\"> voor Loszingend licht<\/span><\/span><\/span>\n\t\t\t<\/div>\n<\/div>\n<!-- \/\/ Post Wrap End -->\n\n<!-- NOTE: If you need to make changes to this file, copy it to your current theme's main\n\tdirectory so your changes won't be overwritten when the plugin is upgraded. -->\n\n<!-- Post Wrap Start-->\n<div class=\"post hentry ivycat-post\">\n\t\n\t<!-- \tThis outputs the post TITLE -->\n\t<h2 class=\"entry-title\"><a href=\"https:\/\/derwerf.com\/index.php\/2024\/05\/06\/mobiel-kunstorakel\/\">Mobiel Kunstorakel<\/a><\/h2>\n\n\t<!-- \tThis outputs the post EXCERPT.  To display full content including images and html, \n\t\treplace the_excerpt(); with the_content();  below. -->\n\t<div class=\"entry-summary\">\n\t<p>Ophalen van werk doet soms een beetje pijn. Maar de expositie in de Marspoort Galerie in Zutphen, volgen de nieuwe openingen zo snel, dat we geen tijd voor weemoed hebben.<\/p>\n<p>Voor Joep is de volgende opening op zaterdag 18 mei, samen met Piet (de smit)<a href=\"https:\/\/derwerf.us9.list-manage.com\/track\/click?u=25bb2bacca9db1eb8fc1e5243&amp;id=13faf24393&amp;e=2dac898dbd\"> in Pulchri<\/a>, Den Haag.<\/p>\n<p>Voor mijzelf is de opening vrijdag 17 mei, om 13:00 in Oud Drimmelen 4 en 5, in Drimmelen, samen met 37 andere kunstenaars.<\/p>\n<p>Wat ga ik hier doen? Op dit mini festival, hangen twee schilderijen en ik zal een aantal dagen rondlopen met mijn mobiele kunstorakel. Deze is nog in aanbouw, hier een fotootje:<br \/>\n<img loading=\"lazy\" decoding=\"async\" class=\"alignnone size-full wp-image-3116\" src=\"https:\/\/derwerf.com\/wp-content\/uploads\/2024\/05\/de-mobiel-e1715008021244.jpeg\" alt=\"\" width=\"386\" height=\"515\" \/><br \/>\n<em>mobiel kunstorakel in aanbouw<\/em><\/p>\n<p><a href=\"https:\/\/derwerf.us9.list-manage.com\/track\/click?u=25bb2bacca9db1eb8fc1e5243&amp;id=ea20bc6195&amp;e=2dac898dbd\">In deze kar<\/a>, worden een heel aantal schilderijen meegenomen. Ik loop ermee rond en ga in gesprek met de mensen over het leven. Mochten de mensen nu een levensvraagstuk onder de arm blijken te dragen, stel ik voor om het mobiele kunstorakel te raadplegen; voor slechts \u20ac 5,- een antwoord op je vraag.<\/p>\n<p>Dat wil natuurlijk iedereen, dus zoeken we een rustig plekje op, waar we onze intu\u00eftie kunnen horen en gaan het schilderij antwoord laten geven. Schilderijen zijn heel vriendelijk (de mijne zeker) dus die geven altijd naar eer en geweten een liefdevol antwoord. Uiteraard help ik een beetje (of heel veel) mee om het schilderij aan de praat te krijgen.<\/p>\n<p><em>Disclaimer: liefdevol is niet hetzelfde als leuk<\/em><\/p>\n<p><strong>Data en openingstijden festival:<br \/>\n<\/strong>Vrijdag 17 mei tot en met zondag 26 mei 2024, inclusief het Pinksterweekend.<br \/>\nLocatie oud Drimmelen 4 en 5 in Drimmelen. ( \u201cDe Plek om te zijn \u201c en \u201cAtelier Moeder Aarde\u201d)<strong><br \/>\n<\/strong><em>Vrijdag 17 mei Opening om 13 uur.<\/em><br \/>\nZondagen van 13 uur tot 18 uur<br \/>\nMaandag tot zaterdag van 12 uur tot 20 uur<br \/>\n<strong>Wanneer ik er ben:<br \/>\n<\/strong>vrijdag 17 mei, zondag 19 mei, maandag 20 mei en zondag 26 mei 2024<\/p>\n<\/div>\n\n\t<!--\tThis outputs the post META information -->\n\t<div class=\"entry-utility\">\n\t\t\t\t\t<span class=\"cat-links\">\n\t\t\t\t<span class=\"entry-utility-prep entry-utility-prep-cat-links\">Posted in<\/span> <a href=\"https:\/\/derwerf.com\/index.php\/category\/uncategorized\/\" rel=\"category tag\">Uncategorized<\/a>\t\t\t<\/span>\n\t\t\t<span class=\"meta-sep\">|<\/span>\n\t\t\t\t\t\t<span class=\"comments-link\"><span>Reacties uitgeschakeld<span class=\"screen-reader-text\"> voor Mobiel Kunstorakel<\/span><\/span><\/span>\n\t\t\t<\/div>\n<\/div>\n<!-- \/\/ Post Wrap End -->\n\n<!-- NOTE: If you need to make changes to this file, copy it to your current theme's main\n\tdirectory so your changes won't be overwritten when the plugin is upgraded. -->\n\n<!-- Post Wrap Start-->\n<div class=\"post hentry ivycat-post\">\n\t\n\t<!-- \tThis outputs the post TITLE -->\n\t<h2 class=\"entry-title\"><a href=\"https:\/\/derwerf.com\/index.php\/2024\/03\/26\/opening-marspoort-galerie\/\">Opening Marspoort Galerie<\/a><\/h2>\n\n\t<!-- \tThis outputs the post EXCERPT.  To display full content including images and html, \n\t\treplace the_excerpt(); with the_content();  below. -->\n\t<div class=\"entry-summary\">\n\t<p><img loading=\"lazy\" decoding=\"async\" class=\"alignnone size-full wp-image-3090\" src=\"https:\/\/derwerf.com\/wp-content\/uploads\/2024\/03\/de-toost-web.jpg\" alt=\"de openings toost\" width=\"1537\" height=\"682\" srcset=\"https:\/\/derwerf.com\/wp-content\/uploads\/2024\/03\/de-toost-web.jpg 1537w, https:\/\/derwerf.com\/wp-content\/uploads\/2024\/03\/de-toost-web-300x133.jpg 300w, https:\/\/derwerf.com\/wp-content\/uploads\/2024\/03\/de-toost-web-1024x454.jpg 1024w, https:\/\/derwerf.com\/wp-content\/uploads\/2024\/03\/de-toost-web-768x341.jpg 768w, https:\/\/derwerf.com\/wp-content\/uploads\/2024\/03\/de-toost-web-624x277.jpg 624w\" sizes=\"auto, (max-width: 1537px) 100vw, 1537px\" \/><em>Je ziet de foto&#8217;s van de opening op 16 maart 2024 in de Marspoort Galerie in Zutphen.<\/em><\/p>\n<p>Een expositie maken is een vaak onderschat onderdeel van het kunstenaarsvak. <span style=\"font-size: 1rem;\">Kunstwerken zijn een medium; een manier om een verhaal over te brengen.\u00a0<\/span><span style=\"font-size: 1rem;\">Het maken is slechts het eerste onderdeel van het werk. Een flinke kluif, dat is zeker. En als het lukt, is er een verhaal in het werk terecht gekomen. Tijd voor feest &#8211; Joechei!!<\/span><\/p>\n<p><img loading=\"lazy\" decoding=\"async\" class=\"alignnone size-full wp-image-3093\" src=\"https:\/\/derwerf.com\/wp-content\/uploads\/2024\/03\/met-emiel.jpg\" alt=\"\" width=\"800\" height=\"600\" srcset=\"https:\/\/derwerf.com\/wp-content\/uploads\/2024\/03\/met-emiel.jpg 800w, https:\/\/derwerf.com\/wp-content\/uploads\/2024\/03\/met-emiel-300x225.jpg 300w, https:\/\/derwerf.com\/wp-content\/uploads\/2024\/03\/met-emiel-768x576.jpg 768w, https:\/\/derwerf.com\/wp-content\/uploads\/2024\/03\/met-emiel-624x468.jpg 624w\" sizes=\"auto, (max-width: 800px) 100vw, 800px\" \/><\/p>\n<p><span style=\"font-size: 1rem;\">Echter, zonder exposeren blijft het werk in de kast, het verhaal tegen niemand in het bijzonder vertellen. M<\/span><span style=\"font-size: 1rem;\">et andere woorden: het werk moet uit de kast komen, zodat er de mogelijkheid is het verhaal te ontmoeten.<\/span><\/p>\n<p>Na het maken, is het zorg om te kijken hoe je het kan presenteren zodat het bekeken wordt. Op een manier dat de kijker alle rust heeft en neemt om het verhaal tot zich te nemen. Om het te beleven.<\/p>\n<p><img loading=\"lazy\" decoding=\"async\" class=\"alignnone size-full wp-image-3092\" src=\"https:\/\/derwerf.com\/wp-content\/uploads\/2024\/03\/anton-spiekt.jpg\" alt=\"\" width=\"800\" height=\"600\" srcset=\"https:\/\/derwerf.com\/wp-content\/uploads\/2024\/03\/anton-spiekt.jpg 800w, https:\/\/derwerf.com\/wp-content\/uploads\/2024\/03\/anton-spiekt-300x225.jpg 300w, https:\/\/derwerf.com\/wp-content\/uploads\/2024\/03\/anton-spiekt-768x576.jpg 768w, https:\/\/derwerf.com\/wp-content\/uploads\/2024\/03\/anton-spiekt-624x468.jpg 624w\" sizes=\"auto, (max-width: 800px) 100vw, 800px\" \/><\/p>\n<p>Misschien wordt het werk verkocht\/verhuurd en fysiek meegenomen. Misschien neemt de kijker alleen de beleving mee. De herinnering aan het werk. Hoe dan ook, het werk is gezien, gevoed door aandacht en leeft verder.<\/p>\n<p>Ik schrijf dit als de lente vol uitbarst en de vergelijking met een bloem dringt zich op. Die is ook prachtig als niemand ernaar kijkt. Maar uiteindelijk heeft ze aandacht nodig om de cirkel te kunnen sluiten. Blije bewonderende bijtjes bezoeken haar en zorgen voor haar voortbestaan.<\/p>\n<p>De strekking van het verhaal: exposeren is belangrijk! En dat voel ik zelf weer heel goed nu er in de\u00a0 <a href=\"https:\/\/www.marspoortgalerie.nl\/\" target=\"_blank\" rel=\"noopener\">Marspoort Galerie<\/a> een expositie loopt van <a href=\"https:\/\/joepstruyk.nl\/\" target=\"_blank\" rel=\"noopener\">\u00a0Joep Struyk<\/a> en mij.\u00a0 De opening was 16 maart. Het fijne aan een opening is dat ik zelf ook meemaak hoe het werk genoten wordt. Dat mag je vrij letterlijk nemen, want de vlaag kippenvel die door een bezoeker heenging terwijl hij voor een werk door zijn knie\u00ebn ging, die ging op dat moment ook door mij heen.<\/p>\n<p><img loading=\"lazy\" decoding=\"async\" class=\"alignnone size-full wp-image-3096\" src=\"https:\/\/derwerf.com\/wp-content\/uploads\/2024\/03\/in-gesprek-web.jpg\" alt=\"\" width=\"806\" height=\"588\" srcset=\"https:\/\/derwerf.com\/wp-content\/uploads\/2024\/03\/in-gesprek-web.jpg 806w, https:\/\/derwerf.com\/wp-content\/uploads\/2024\/03\/in-gesprek-web-300x219.jpg 300w, https:\/\/derwerf.com\/wp-content\/uploads\/2024\/03\/in-gesprek-web-768x560.jpg 768w, https:\/\/derwerf.com\/wp-content\/uploads\/2024\/03\/in-gesprek-web-624x455.jpg 624w\" sizes=\"auto, (max-width: 806px) 100vw, 806px\" \/><br \/>\nSamen kijken hoeft natuurlijk niet beperkt te blijven tot een opening. Binnenkort ga ik er ook weer heen om samen te kijken met iemand die voor het werk viel. En wil jij graag samen een rondje langs de kunstwerken maken? Maak een <a href=\"mailto:derwerf@derwerf.com\" target=\"_blank\" rel=\"noopener\">afspraak<\/a> met me, ik ben in de buurt op 5, 6 en 23 april, en 3 en 12 mei 2024.<\/p>\n<p><span style=\"font-size: 1rem;\">Dan gaan we samen genieten van deze fijne plek vol mooie kunstwerken. Je kunt er rustig zitten, koffie drinken, babbelen met elkaar, diepgaand op de werken ingaan, of juist ze achteloos uit een ooghoek bekijken, er vluchtig rondwandelen, of heel lang rond dralen. <\/span>Je kunt rustig uitvinden wat voor jou het beste werkt, hoe het voor jou fijn is om je met de kunst te verbinden.<\/p>\n<p>T 0641295617<br \/>\nMail derwerf@derwerf.com<\/p>\n<div id=\"attachment_3088\" style=\"width: 1010px\" class=\"wp-caption alignnone\"><img loading=\"lazy\" decoding=\"async\" aria-describedby=\"caption-attachment-3088\" class=\"size-full wp-image-3088\" src=\"https:\/\/derwerf.com\/wp-content\/uploads\/2024\/03\/joep-tijdens-de-opbouw-web.jpg\" alt=\"tijdens de opbouw van de expositie\" width=\"1000\" height=\"561\" srcset=\"https:\/\/derwerf.com\/wp-content\/uploads\/2024\/03\/joep-tijdens-de-opbouw-web.jpg 1000w, https:\/\/derwerf.com\/wp-content\/uploads\/2024\/03\/joep-tijdens-de-opbouw-web-300x168.jpg 300w, https:\/\/derwerf.com\/wp-content\/uploads\/2024\/03\/joep-tijdens-de-opbouw-web-768x431.jpg 768w, https:\/\/derwerf.com\/wp-content\/uploads\/2024\/03\/joep-tijdens-de-opbouw-web-624x350.jpg 624w\" sizes=\"auto, (max-width: 1000px) 100vw, 1000px\" \/><p id=\"caption-attachment-3088\" class=\"wp-caption-text\">Joep (voor &#8220;als er geen wonderen gebeuren klopt er iets niet&#8221;)\u00a0 geconcentreerd op de volgende stap tijdens de opbouw<\/p><\/div>\n<\/div>\n\n\t<!--\tThis outputs the post META information -->\n\t<div class=\"entry-utility\">\n\t\t\t\t\t<span class=\"cat-links\">\n\t\t\t\t<span class=\"entry-utility-prep entry-utility-prep-cat-links\">Posted in<\/span> <a href=\"https:\/\/derwerf.com\/index.php\/category\/uncategorized\/\" rel=\"category tag\">Uncategorized<\/a>\t\t\t<\/span>\n\t\t\t<span class=\"meta-sep\">|<\/span>\n\t\t\t\t\t\t<span class=\"comments-link\"><span>Reacties uitgeschakeld<span class=\"screen-reader-text\"> voor Opening Marspoort Galerie<\/span><\/span><\/span>\n\t\t\t<\/div>\n<\/div>\n<!-- \/\/ Post Wrap End -->\n\n<!-- NOTE: If you need to make changes to this file, copy it to your current theme's main\n\tdirectory so your changes won't be overwritten when the plugin is upgraded. -->\n\n<!-- Post Wrap Start-->\n<div class=\"post hentry ivycat-post\">\n\t\n\t<!-- \tThis outputs the post TITLE -->\n\t<h2 class=\"entry-title\"><a href=\"https:\/\/derwerf.com\/index.php\/2023\/04\/06\/over-een-dag-lang-energieschilderen\/\">over energieschilderen<\/a><\/h2>\n\n\t<!-- \tThis outputs the post EXCERPT.  To display full content including images and html, \n\t\treplace the_excerpt(); with the_content();  below. -->\n\t<div class=\"entry-summary\">\n\t<p><img loading=\"lazy\" decoding=\"async\" class=\"alignnone size-full wp-image-2834\" src=\"https:\/\/derwerf.com\/wp-content\/uploads\/2023\/04\/web_maaike.jpg\" alt=\"\" width=\"900\" height=\"514\" srcset=\"https:\/\/derwerf.com\/wp-content\/uploads\/2023\/04\/web_maaike.jpg 900w, https:\/\/derwerf.com\/wp-content\/uploads\/2023\/04\/web_maaike-300x171.jpg 300w, https:\/\/derwerf.com\/wp-content\/uploads\/2023\/04\/web_maaike-768x439.jpg 768w, https:\/\/derwerf.com\/wp-content\/uploads\/2023\/04\/web_maaike-624x356.jpg 624w\" sizes=\"auto, (max-width: 900px) 100vw, 900px\" \/><\/p>\n<p>Op mijn website <a href=\"https:\/\/derwerf.com\/index.php\/cursus-energie-schilderen\/\" target=\"_blank\" rel=\"noopener\">vind je een omschrijving<\/a> over energieschilderen. Het is een beetje een vage tekst, dat heeft een reden; ik kan niet precies zeggen hoe de dag eruit ziet, want het is maatwerk. Elke keer loopt de dag zoals de dag moet lopen en dat is altijd anders. Ik pas de dag aan aan wat er die dag zich aandient: Hoe jullie binnenkomen, wat jullie meebrengen.<\/p>\n<p>En van de deelnemers hoor ik achteraf hoe veel meer het is dan een dag schilderen. Dat het niet geen workshop of cursus is, maar echt een schilder-sessie.. Een plek waar je via de verf en het doek, jezelf genadeloos \u00e9n vol liefde en compassie, kunt onderzoeken. Zien waar je hapert, waar je vloeit.<br \/>\nWat er in het cre\u00ebren gebeurd, vertelt ook iets over wat je in het dagelijks leven doet. En als het je lukt om in het schilderen een verandering aan te brengen, maak je de weg vrij dit ook in je dagelijks leven te doen.<\/p>\n<blockquote><p>&#8220;Nu, bijna een week na de schilderdag, voel ik nog steeds blijdschap en dankbaarheid voor deze bijzondere ervaring. Dankjewel dat je een basis en begeleiding bood waarop ik mij in alle kwetsbaarheid heb durven laten zien en naar mezelf heb kunnen kijken.&#8221;<br \/>\n(deelnemer)<\/p><\/blockquote>\n<p>Ik heb lang gezocht naar een fijne vorm om mensen uit te nodigen om te komen schilderen, en daarbij dezelfde intensiteit aan te kunnen bieden, als waarin ikzelf schilder. En ik ben heel blij om te ervaren hoe mooi de vorm geworden is.<br \/>\nEen dag energieschilderen maakt mij van te voren elke keer nieuwsgierig, en ook een beetje nerveus. (net zoals ik aan een schilderij begin) Het is een blanco doek, alles kan; wat zal er gaan gebeuren?<br \/>\nAchteraf ben ik een beetje high, zo blij en dankbaar ben ik over de prachtige processen die er plaats vonden, en de zaken die in werking zijn gezet om zich nog verder uit te vouwen.<\/p>\n<p>Ik nodig iedereen uit om het zelf te komen mee-maken! Kijk bij <a href=\"https:\/\/derwerf.com\/index.php\/cursus-energie-schilderen\/\" target=\"_blank\" rel=\"noopener\">de data<\/a> of iets je past, of organiseer zelf een aantal mensen bij elkaar, dan prikken we een nieuwe data samen.<\/p>\n<p><img loading=\"lazy\" decoding=\"async\" class=\"alignnone size-full wp-image-2835\" src=\"https:\/\/derwerf.com\/wp-content\/uploads\/2023\/04\/webhelen-tyche.jpg\" alt=\"\" width=\"832\" height=\"473\" srcset=\"https:\/\/derwerf.com\/wp-content\/uploads\/2023\/04\/webhelen-tyche.jpg 832w, https:\/\/derwerf.com\/wp-content\/uploads\/2023\/04\/webhelen-tyche-300x171.jpg 300w, https:\/\/derwerf.com\/wp-content\/uploads\/2023\/04\/webhelen-tyche-768x437.jpg 768w, https:\/\/derwerf.com\/wp-content\/uploads\/2023\/04\/webhelen-tyche-624x355.jpg 624w\" sizes=\"auto, (max-width: 832px) 100vw, 832px\" \/> <img loading=\"lazy\" decoding=\"async\" class=\"alignnone size-full wp-image-2836\" src=\"https:\/\/derwerf.com\/wp-content\/uploads\/2023\/04\/web_hester.jpg\" alt=\"\" width=\"903\" height=\"532\" srcset=\"https:\/\/derwerf.com\/wp-content\/uploads\/2023\/04\/web_hester.jpg 903w, https:\/\/derwerf.com\/wp-content\/uploads\/2023\/04\/web_hester-300x177.jpg 300w, https:\/\/derwerf.com\/wp-content\/uploads\/2023\/04\/web_hester-768x452.jpg 768w, https:\/\/derwerf.com\/wp-content\/uploads\/2023\/04\/web_hester-624x368.jpg 624w\" sizes=\"auto, (max-width: 903px) 100vw, 903px\" \/><\/p>\n<blockquote>\n<p class=\"v1MsoNormal\">Wat de ervaring leerde die dag (ik nog niet van te voren kon weten): een warm welkom (met appeltaart) op een prachtige werkplek, de inhoud van de spirituele technieken, fijne meditaties), diverse momenten van &#8216;stil staan&#8217; voor het schilderij, respectvolle begeleiding, een lunch met persoonlijke aandacht (waaronder de tarotkaarten), het maken van een gedicht en het voorlezen daarvan als afsluiting van de dag. Je voelt je gezien deze dag, zonder dat je veel over jezelf hoeft te vertellen. Het gedicht is een samenvatting van wat intu\u00eftie je deze dag vertelt.<br \/>\n(deelnemer)<\/p>\n<\/blockquote>\n<p><img loading=\"lazy\" decoding=\"async\" class=\"alignnone size-full wp-image-2837\" src=\"https:\/\/derwerf.com\/wp-content\/uploads\/2023\/04\/web_myrene.jpg\" alt=\"\" width=\"900\" height=\"482\" srcset=\"https:\/\/derwerf.com\/wp-content\/uploads\/2023\/04\/web_myrene.jpg 900w, https:\/\/derwerf.com\/wp-content\/uploads\/2023\/04\/web_myrene-300x161.jpg 300w, https:\/\/derwerf.com\/wp-content\/uploads\/2023\/04\/web_myrene-768x411.jpg 768w, https:\/\/derwerf.com\/wp-content\/uploads\/2023\/04\/web_myrene-624x334.jpg 624w\" sizes=\"auto, (max-width: 900px) 100vw, 900px\" \/><\/p>\n<blockquote><p>Een dag om met veel liefde en dankbaarheid op terug te kijken.<br \/>\n(deelnemer)<\/p><\/blockquote>\n<\/div>\n\n\t<!--\tThis outputs the post META information -->\n\t<div class=\"entry-utility\">\n\t\t\t\t\t<span class=\"cat-links\">\n\t\t\t\t<span class=\"entry-utility-prep entry-utility-prep-cat-links\">Posted in<\/span> <a href=\"https:\/\/derwerf.com\/index.php\/category\/uncategorized\/\" rel=\"category tag\">Uncategorized<\/a>\t\t\t<\/span>\n\t\t\t<span class=\"meta-sep\">|<\/span>\n\t\t\t\t\t\t<span class=\"comments-link\"><span>Reacties uitgeschakeld<span class=\"screen-reader-text\"> voor over energieschilderen<\/span><\/span><\/span>\n\t\t\t<\/div>\n<\/div>\n<!-- \/\/ Post Wrap End -->\n\n<!-- NOTE: If you need to make changes to this file, copy it to your current theme's main\n\tdirectory so your changes won't be overwritten when the plugin is upgraded. -->\n\n<!-- Post Wrap Start-->\n<div class=\"post hentry ivycat-post\">\n\t\n\t<!-- \tThis outputs the post TITLE -->\n\t<h2 class=\"entry-title\"><a href=\"https:\/\/derwerf.com\/index.php\/2020\/05\/20\/kijken-vanuit-je-tenen-performance\/\">[:nl]kijken vanuit je tenen &#8211; performance[:]<\/a><\/h2>\n\n\t<!-- \tThis outputs the post EXCERPT.  To display full content including images and html, \n\t\treplace the_excerpt(); with the_content();  below. -->\n\t<div class=\"entry-summary\">\n\t<p>[:nl]<div id=\"attachment_509\" style=\"width: 810px\" class=\"wp-caption alignnone\"><img loading=\"lazy\" decoding=\"async\" aria-describedby=\"caption-attachment-509\" class=\"size-full wp-image-509\" src=\"https:\/\/derwerf.com\/wp-content\/uploads\/2016\/09\/kijken-vanuit-je-tenen-marc.jpg\" alt=\"\" width=\"800\" height=\"600\" srcset=\"https:\/\/derwerf.com\/wp-content\/uploads\/2016\/09\/kijken-vanuit-je-tenen-marc.jpg 800w, https:\/\/derwerf.com\/wp-content\/uploads\/2016\/09\/kijken-vanuit-je-tenen-marc-300x225.jpg 300w, https:\/\/derwerf.com\/wp-content\/uploads\/2016\/09\/kijken-vanuit-je-tenen-marc-768x576.jpg 768w, https:\/\/derwerf.com\/wp-content\/uploads\/2016\/09\/kijken-vanuit-je-tenen-marc-624x468.jpg 624w\" sizes=\"auto, (max-width: 800px) 100vw, 800px\" \/><p id=\"caption-attachment-509\" class=\"wp-caption-text\">kijken vanuit je tenen &#8211; atelier Voorburg 2016<\/p><\/div><\/p>\n<p>omschrijving performance: Kijken naar kunst is kijken naar jezelf. Wat als jijzelf een voetmassage krijgt? Ontspant dan je ervaring van het kunstwerk ook? Hoe ziet dat eruit?<br \/>\nMet die vragen masseerde ik de voeten van kunstkijkers.\u00a0 Hier in mijn atelier in Voorburg.[:]<\/p>\n<\/div>\n\n\t<!--\tThis outputs the post META information -->\n\t<div class=\"entry-utility\">\n\t\t\t\t\t<span class=\"cat-links\">\n\t\t\t\t<span class=\"entry-utility-prep entry-utility-prep-cat-links\">Posted in<\/span> <a href=\"https:\/\/derwerf.com\/index.php\/category\/uncategorized\/\" rel=\"category tag\">Uncategorized<\/a>\t\t\t<\/span>\n\t\t\t<span class=\"meta-sep\">|<\/span>\n\t\t\t\t\t\t<span class=\"comments-link\"><span>Reacties uitgeschakeld<span class=\"screen-reader-text\"> voor [:nl]kijken vanuit je tenen &#8211; performance[:]<\/span><\/span><\/span>\n\t\t\t<\/div>\n<\/div>\n<!-- \/\/ Post Wrap End -->\n\n<!-- NOTE: If you need to make changes to this file, copy it to your current theme's main\n\tdirectory so your changes won't be overwritten when the plugin is upgraded. -->\n\n<!-- Post Wrap Start-->\n<div class=\"post hentry ivycat-post\">\n\t\n\t<!-- \tThis outputs the post TITLE -->\n\t<h2 class=\"entry-title\"><a href=\"https:\/\/derwerf.com\/index.php\/2020\/05\/20\/gedichten-fluisteren-performance\/\">[:nl]gedichten fluisteren &#8211; performance[:]<\/a><\/h2>\n\n\t<!-- \tThis outputs the post EXCERPT.  To display full content including images and html, \n\t\treplace the_excerpt(); with the_content();  below. -->\n\t<div class=\"entry-summary\">\n\t<p>[:nl]<div id=\"attachment_1939\" style=\"width: 465px\" class=\"wp-caption alignnone\"><img loading=\"lazy\" decoding=\"async\" aria-describedby=\"caption-attachment-1939\" class=\"size-full wp-image-1939\" src=\"https:\/\/derwerf.com\/wp-content\/uploads\/2017\/10\/gedichten-fluisteren.jpg\" alt=\"\" width=\"455\" height=\"341\" srcset=\"https:\/\/derwerf.com\/wp-content\/uploads\/2017\/10\/gedichten-fluisteren.jpg 455w, https:\/\/derwerf.com\/wp-content\/uploads\/2017\/10\/gedichten-fluisteren-300x225.jpg 300w\" sizes=\"auto, (max-width: 455px) 100vw, 455px\" \/><p id=\"caption-attachment-1939\" class=\"wp-caption-text\">gedichten fluisteren op festival quantaine speciaal &#8211; Rotterdam 2018<\/p><\/div><\/p>\n<div id=\"attachment_1938\" style=\"width: 465px\" class=\"wp-caption alignnone\"><img loading=\"lazy\" decoding=\"async\" aria-describedby=\"caption-attachment-1938\" class=\"size-full wp-image-1938\" src=\"https:\/\/derwerf.com\/wp-content\/uploads\/2017\/10\/gedichten-fluisteren-1.jpg\" alt=\"\" width=\"455\" height=\"607\" srcset=\"https:\/\/derwerf.com\/wp-content\/uploads\/2017\/10\/gedichten-fluisteren-1.jpg 455w, https:\/\/derwerf.com\/wp-content\/uploads\/2017\/10\/gedichten-fluisteren-1-225x300.jpg 225w\" sizes=\"auto, (max-width: 455px) 100vw, 455px\" \/><p id=\"caption-attachment-1938\" class=\"wp-caption-text\">de mobiele solo-expositie als onderdeel van de performance\u00a0 &#8220;gedichten fluisteren&#8221; op festival quarantaine speciaal &#8211; Rotterdam 2018<\/p><\/div>\n<p>Omschrijving performance: Met de mobiele expositie om me heen, liep ik op het festival terrein. Ik sprak mensen aan en vroeg ze een schilderij uit te kiezen, om ernaar te kijken terwijl ik ze een gedicht in fluisterde.[:]<\/p>\n<\/div>\n\n\t<!--\tThis outputs the post META information -->\n\t<div class=\"entry-utility\">\n\t\t\t\t\t<span class=\"cat-links\">\n\t\t\t\t<span class=\"entry-utility-prep entry-utility-prep-cat-links\">Posted in<\/span> <a href=\"https:\/\/derwerf.com\/index.php\/category\/uncategorized\/\" rel=\"category tag\">Uncategorized<\/a>\t\t\t<\/span>\n\t\t\t<span class=\"meta-sep\">|<\/span>\n\t\t\t\t\t\t<span class=\"comments-link\"><span>Reacties uitgeschakeld<span class=\"screen-reader-text\"> voor [:nl]gedichten fluisteren &#8211; performance[:]<\/span><\/span><\/span>\n\t\t\t<\/div>\n<\/div>\n<!-- \/\/ Post Wrap End -->\n\n<!-- NOTE: If you need to make changes to this file, copy it to your current theme's main\n\tdirectory so your changes won't be overwritten when the plugin is upgraded. -->\n\n<!-- Post Wrap Start-->\n<div class=\"post hentry ivycat-post\">\n\t\n\t<!-- \tThis outputs the post TITLE -->\n\t<h2 class=\"entry-title\"><a href=\"https:\/\/derwerf.com\/index.php\/2020\/02\/11\/1-maart-introductie-van-de-opvolger\/\">[:nl]wat heb je nou in huis gehaald?[:]<\/a><\/h2>\n\n\t<!-- \tThis outputs the post EXCERPT.  To display full content including images and html, \n\t\treplace the_excerpt(); with the_content();  below. -->\n\t<div class=\"entry-summary\">\n\t<p>&nbsp;<\/p>\n<div id=\"attachment_2132\" style=\"width: 465px\" class=\"wp-caption alignnone\"><img loading=\"lazy\" decoding=\"async\" aria-describedby=\"caption-attachment-2132\" class=\"size-full wp-image-2132\" src=\"https:\/\/derwerf.com\/wp-content\/uploads\/2020\/02\/web-suzanne-huig-en-trudy-1.jpg\" alt=\"\" width=\"455\" height=\"341\" srcset=\"https:\/\/derwerf.com\/wp-content\/uploads\/2020\/02\/web-suzanne-huig-en-trudy-1.jpg 455w, https:\/\/derwerf.com\/wp-content\/uploads\/2020\/02\/web-suzanne-huig-en-trudy-1-300x225.jpg 300w\" sizes=\"auto, (max-width: 455px) 100vw, 455px\" \/><p id=\"caption-attachment-2132\" class=\"wp-caption-text\">met een volle spaarpot in het atelier<\/p><\/div>\n<p>Maandelijks een bedrag sparen dat je niet echt merkt, en dan na een paar jaar met een volle spaarpot naar mijn atelier komen om iets uit te zoeken&#8230; De mensen hierboven deden dat. Je ziet ze hier snuffelen in mijn atelier en -vaak hernieuwd- kennismaken met werken. Opzoek naar kunststukken waarmee ze hun verdere leven willen delen. Hand in hand kameraden!<br \/>\nEn tot mijn vreugde hebben ze hun nieuwe kameraden gevonden! Hier zie je een nieuw koppel:<\/p>\n<div id=\"attachment_2133\" style=\"width: 465px\" class=\"wp-caption alignnone\"><img loading=\"lazy\" decoding=\"async\" aria-describedby=\"caption-attachment-2133\" class=\"wp-image-2133 size-full\" src=\"https:\/\/derwerf.com\/wp-content\/uploads\/2020\/02\/web-trudy-met-schaap.jpg\" alt=\"\" width=\"455\" height=\"607\" srcset=\"https:\/\/derwerf.com\/wp-content\/uploads\/2020\/02\/web-trudy-met-schaap.jpg 455w, https:\/\/derwerf.com\/wp-content\/uploads\/2020\/02\/web-trudy-met-schaap-225x300.jpg 225w\" sizes=\"auto, (max-width: 455px) 100vw, 455px\" \/><p id=\"caption-attachment-2133\" class=\"wp-caption-text\">&#8220;het afgedreven schaapje&#8221; en de nieuwe eigenares gaan samen stralend naar huis (Wat &#8220;het schaapje&#8221; hier nog niet weet, is dat ze daar opgewacht wordt door een broertje en een zusje.)<\/p><\/div>\n<p>Wat een feest is het om mensen met de werken contact te zien maken op deze manier. En wat heerlijk dat er weer twee werken ergens hangen en dagelijks deel zijn geworden van levens. Dat meegaan in het dagelijks leven, dat vind ik zo belangrijk. Dat de werken bij je in de keuken hangen zodat het naar je kan knipogen als je een kopje thee drinkt.\u00a0 Daar ga ik van tintelen&#8230; zo is het bedoeld!<\/p>\n<blockquote><p>Ik wil je graag uitnodigen om kunst in huis te halen!<\/p><\/blockquote>\n<p>Kom op bezoek om de sfeer te proeven van het atelier en de werken in je hand te houden. Je kunt werken ook <a href=\"https:\/\/derwerf.com\/index.php\/genieten\/kunstgenieters-groeibrilliant\/\" target=\"_blank\" rel=\"noopener noreferrer\">huren<\/a> om rustig uit te vinden wat een werk in huis voor jou kan betekenen. App\/bel me voor een vrijblijvende afspraak: 06 41295617 of mail me op <a href=\"mailto:derwerf@derwerf.com\" target=\"_blank\" rel=\"noopener noreferrer\">derwerf@derwerf.com<\/a><\/p>\n<\/div>\n\n\t<!--\tThis outputs the post META information -->\n\t<div class=\"entry-utility\">\n\t\t\t\t\t<span class=\"cat-links\">\n\t\t\t\t<span class=\"entry-utility-prep entry-utility-prep-cat-links\">Posted in<\/span> <a href=\"https:\/\/derwerf.com\/index.php\/category\/uncategorized\/\" rel=\"category tag\">Uncategorized<\/a>\t\t\t<\/span>\n\t\t\t<span class=\"meta-sep\">|<\/span>\n\t\t\t\t\t\t<span class=\"comments-link\"><span>Reacties uitgeschakeld<span class=\"screen-reader-text\"> voor [:nl]wat heb je nou in huis gehaald?[:]<\/span><\/span><\/span>\n\t\t\t<\/div>\n<\/div>\n<!-- \/\/ Post Wrap End -->\n\n<!-- NOTE: If you need to make changes to this file, copy it to your current theme's main\n\tdirectory so your changes won't be overwritten when the plugin is upgraded. -->\n\n<!-- Post Wrap Start-->\n<div class=\"post hentry ivycat-post\">\n\t\n\t<!-- \tThis outputs the post TITLE -->\n\t<h2 class=\"entry-title\"><a href=\"https:\/\/derwerf.com\/index.php\/2020\/01\/05\/een-blik-in-het-archief\/\">[:nl]dissen is mooi.. en dissen!![:]<\/a><\/h2>\n\n\t<!-- \tThis outputs the post EXCERPT.  To display full content including images and html, \n\t\treplace the_excerpt(); with the_content();  below. -->\n\t<div class=\"entry-summary\">\n\t<p>[:nl]<img loading=\"lazy\" decoding=\"async\" class=\"alignnone size-full wp-image-2110\" src=\"https:\/\/derwerf.com\/wp-content\/uploads\/2020\/01\/voelsprieten-en-co.jpg\" alt=\"\" width=\"455\" height=\"341\" srcset=\"https:\/\/derwerf.com\/wp-content\/uploads\/2020\/01\/voelsprieten-en-co.jpg 455w, https:\/\/derwerf.com\/wp-content\/uploads\/2020\/01\/voelsprieten-en-co-300x225.jpg 300w\" sizes=\"auto, (max-width: 455px) 100vw, 455px\" \/><\/p>\n<blockquote><p>Meestal ligt mijn oudere werk netjes in de archiefkast, die staat als een witte kubus in de werkplaats. Soms loop ik deze kast in om een selectie te maken, meestal ter ere van bezoekers.<br \/>\nAhja, en wat er dan gebeurd.. (op z&#8217;n Deventers) &#8220;<em>Dissen is mooi en dissen, ah en dissen \u00e9n dissen \u00e9n dissen, maar bij dissen heurt disse<\/em>n&#8221;. Met andere woorden: Dan wil ik ze allemaal wel laten zien. <a href=\"https:\/\/derwerf.com\/index.php\/open-kunst-en-energiewerkplaats\/\" target=\"_blank\" rel=\"noopener noreferrer\">Kom graag langs<\/a>! Ik zal m&#8217;n best doen je niet te overvoeren.<\/p><\/blockquote>\n<p>Het werk rechtsboven heet &#8220;alles wat ik van de hemel weet&#8221;. Het is een doek van 80 x 80 cm uit 2016. Hoewel ik dol ben op teksten van anderen, is het een van de weinige keren ik tekst van iemand anders inmijn werk gebruik. Maar K. Michel is dan ook een speciale dichter voor mij. Zijn bundel &#8220;naakt als de stenen&#8221; was een tijd lang een soort bijbel voor me: een werk waarin ik woorden vond, die me een taal gaven voor wat ik aan het doen was. Echt een groot cadeau als iemand de moeite neemt om zorgvuldig te kijken, te voelen, en de waarnemingen te destilleren tot prachtige po\u00ebzie.<\/p>\n<div id=\"attachment_2108\" style=\"width: 465px\" class=\"wp-caption alignnone\"><img loading=\"lazy\" decoding=\"async\" aria-describedby=\"caption-attachment-2108\" class=\"wp-image-2108 size-full\" src=\"https:\/\/derwerf.com\/wp-content\/uploads\/2020\/01\/alles-wat-ik-van-de-hemel-weet-detail-5.jpg\" alt=\"de hemel in de regenplassen\" width=\"455\" height=\"341\" srcset=\"https:\/\/derwerf.com\/wp-content\/uploads\/2020\/01\/alles-wat-ik-van-de-hemel-weet-detail-5.jpg 455w, https:\/\/derwerf.com\/wp-content\/uploads\/2020\/01\/alles-wat-ik-van-de-hemel-weet-detail-5-300x225.jpg 300w\" sizes=\"auto, (max-width: 455px) 100vw, 455px\" \/><p id=\"caption-attachment-2108\" class=\"wp-caption-text\">de hemel in de regenplassen<\/p><\/div>\n<p>Het\u00a0 gedicht wat ik hier gebruikt heb, komt uit de bundel &#8220;<a href=\"https:\/\/www.groene.nl\/artikel\/de-hemel-in-de-regenplassen\" target=\"_blank\" rel=\"noopener noreferrer\">waterstudies<\/a>&#8221; van K. Michel.<\/p>\n<blockquote><p><strong>Glas is een trage vloeistof<\/strong><\/p>\n<p>Water is een meervoud en licht idem<br \/>\nAlles wat ik van de hemel weet<br \/>\nheb ik onder mijn voeten op straat<br \/>\ngezien in regenplassen<\/p>\n<p>Een blik werpen is te weinig<br \/>\nGoed kijken is een beweging voorover maken<\/p>\n<p>(..)<\/p><\/blockquote>\n<p>Zijn woorden heb ik vertaald naar Esperanto. De taal van mijn Rotterdamse oma; de vredestaal van weleer, de taal van hoop, en ook de taal waarin het ge\u00efsoleerde denken van het oude Europa zichtbaar is. Een taal die (bijna) niemand meer begrijpt, maar wel tot de verbeelding spreekt. De letters spreken je hersengebied van de taal aan, van de verhalen, zonder dwingend in hun betekenis en associaties te worden. Zo worden de letters een beeldend element,\u00a0 passend bij mijn werk, <em>waarin veel aangereikt wordt, zonder dwingende handleiding<\/em>.<\/p>\n<div id=\"attachment_2103\" style=\"width: 465px\" class=\"wp-caption alignnone\"><img loading=\"lazy\" decoding=\"async\" aria-describedby=\"caption-attachment-2103\" class=\"wp-image-2103 size-full\" src=\"https:\/\/derwerf.com\/wp-content\/uploads\/2020\/01\/alles-wat-ik-van-de-hemel-weet.jpg\" alt=\"\" width=\"455\" height=\"341\" srcset=\"https:\/\/derwerf.com\/wp-content\/uploads\/2020\/01\/alles-wat-ik-van-de-hemel-weet.jpg 455w, https:\/\/derwerf.com\/wp-content\/uploads\/2020\/01\/alles-wat-ik-van-de-hemel-weet-300x225.jpg 300w\" sizes=\"auto, (max-width: 455px) 100vw, 455px\" \/><p id=\"caption-attachment-2103\" class=\"wp-caption-text\">naast het echte wit in het schilderij zie je hoe gelig de witte muren eigenlijk zijn<\/p><\/div>\n<p>Je kunt hier ook zien dat als ik een schilderij maak met letters, de letters ook letterlijk beeldende elementen worden. Het hele werk draagt de betekenis van de woorden, en de aparte letters zijn als verfvlekken onderdeel van het werk. Zo zie ik ze tijdens het werk: als kleurvlakken. Ik schilder ze weg, en ik laat ze weer terugkomen, ik luister naar wat het complete werk van me vraagt.<\/p>\n<div id=\"attachment_2106\" style=\"width: 465px\" class=\"wp-caption alignnone\"><img loading=\"lazy\" decoding=\"async\" aria-describedby=\"caption-attachment-2106\" class=\"wp-image-2106 size-full\" src=\"https:\/\/derwerf.com\/wp-content\/uploads\/2020\/01\/alles-wat-ik-van-de-hemel-weet-detail-3.jpg\" alt=\"\" width=\"455\" height=\"341\" srcset=\"https:\/\/derwerf.com\/wp-content\/uploads\/2020\/01\/alles-wat-ik-van-de-hemel-weet-detail-3.jpg 455w, https:\/\/derwerf.com\/wp-content\/uploads\/2020\/01\/alles-wat-ik-van-de-hemel-weet-detail-3-300x225.jpg 300w\" sizes=\"auto, (max-width: 455px) 100vw, 455px\" \/><p id=\"caption-attachment-2106\" class=\"wp-caption-text\">je kunt zien dat ik ook schuurpapier gebruik, om oude lagen weer boven te krijgen<\/p><\/div>\n<div id=\"attachment_2107\" style=\"width: 465px\" class=\"wp-caption alignnone\"><img loading=\"lazy\" decoding=\"async\" aria-describedby=\"caption-attachment-2107\" class=\"wp-image-2107 size-full\" src=\"https:\/\/derwerf.com\/wp-content\/uploads\/2020\/01\/alles-wat-ik-van-de-hemel-weet-detail-4.jpg\" alt=\"\" width=\"455\" height=\"341\" srcset=\"https:\/\/derwerf.com\/wp-content\/uploads\/2020\/01\/alles-wat-ik-van-de-hemel-weet-detail-4.jpg 455w, https:\/\/derwerf.com\/wp-content\/uploads\/2020\/01\/alles-wat-ik-van-de-hemel-weet-detail-4-300x225.jpg 300w\" sizes=\"auto, (max-width: 455px) 100vw, 455px\" \/><p id=\"caption-attachment-2107\" class=\"wp-caption-text\">hier zie je goed de gelaagdheid van het werk, met het wit als een van de laatste lagen<\/p><\/div>\n<p>Dolgraag zou ik zien dat de werken die nu in het archief verblijven, ergens een plekje krijgen waar ze aandacht krijgen; waar ze gezien worden. Misschien bij jou aan de muur? Of op je werk?\u00a0 Of heb je een idee waar het zou kunnen hangen? Het werk is te koop en het werk is te huur. Misschien heb je wel een plek waar je het werk wilt verkopen? Er zijn allerlei mogelijkheden. <a href=\"https:\/\/derwerf.com\/index.php\/genieten\/\" target=\"_blank\" rel=\"noopener noreferrer\">Laat je horen<\/a>, dan kunnen we het er over hebben.<\/p>\n<p>Voorbeeld:<br \/>\nDit werk huur je voor (1% van de prijs) \u20ac 24,- per maand.<br \/>\n<a href=\"https:\/\/derwerf.com\/index.php\/genieten\/kunstgenieters-groeibrilliant\/\" target=\"_blank\" rel=\"noopener noreferrer\">lees hier voor meer opties<\/a>.[:]<\/p>\n<\/div>\n\n\t<!--\tThis outputs the post META information -->\n\t<div class=\"entry-utility\">\n\t\t\t\t\t<span class=\"cat-links\">\n\t\t\t\t<span class=\"entry-utility-prep entry-utility-prep-cat-links\">Posted in<\/span> <a href=\"https:\/\/derwerf.com\/index.php\/category\/uncategorized\/\" rel=\"category tag\">Uncategorized<\/a>\t\t\t<\/span>\n\t\t\t<span class=\"meta-sep\">|<\/span>\n\t\t\t\t\t\t<span class=\"comments-link\"><span>Reacties uitgeschakeld<span class=\"screen-reader-text\"> voor [:nl]dissen is mooi.. en dissen!![:]<\/span><\/span><\/span>\n\t\t\t<\/div>\n<\/div>\n<!-- \/\/ Post Wrap End -->\n\n<!-- NOTE: If you need to make changes to this file, copy it to your current theme's main\n\tdirectory so your changes won't be overwritten when the plugin is upgraded. -->\n\n<!-- Post Wrap Start-->\n<div class=\"post hentry ivycat-post\">\n\t\n\t<!-- \tThis outputs the post TITLE -->\n\t<h2 class=\"entry-title\"><a href=\"https:\/\/derwerf.com\/index.php\/2019\/10\/28\/reisgenoten\/\">[:nl]schildergedichten &#8211; reisgenoten[:]<\/a><\/h2>\n\n\t<!-- \tThis outputs the post EXCERPT.  To display full content including images and html, \n\t\treplace the_excerpt(); with the_content();  below. -->\n\t<div class=\"entry-summary\">\n\t<p>[:nl]Bij de 5 schilderwerken die in de expositie <a href=\"https:\/\/www.pulchri.nl\/tentoonstellingen\/reisgenoten\" target=\"_blank\" rel=\"noopener noreferrer\">Reisgenoten<\/a> hangen, heb ik schildergedichten gemaakt. Hier kun je ze beluisteren. Doe dat vooral terwijl je voor de werken staat.<\/p>\n<audio class=\"wp-audio-shortcode\" id=\"audio-2063-1\" preload=\"none\" style=\"width: 100%;\" controls=\"controls\"><source type=\"audio\/mpeg\" src=\"https:\/\/derwerf.com\/wp-content\/uploads\/2019\/10\/Als-er-geen-wonderen-gebeuren-klopt-er-iets-niet.m4a?_=1\" \/><a href=\"https:\/\/derwerf.com\/wp-content\/uploads\/2019\/10\/Als-er-geen-wonderen-gebeuren-klopt-er-iets-niet.m4a\">https:\/\/derwerf.com\/wp-content\/uploads\/2019\/10\/Als-er-geen-wonderen-gebeuren-klopt-er-iets-niet.m4a<\/a><\/audio>\n<p>als er geen wonderen gebeuren klopt er iets niet (1:55)<\/p>\n<audio class=\"wp-audio-shortcode\" id=\"audio-2063-2\" preload=\"none\" style=\"width: 100%;\" controls=\"controls\"><source type=\"audio\/mpeg\" src=\"https:\/\/derwerf.com\/wp-content\/uploads\/2019\/10\/Leef-je-nog.m4a?_=2\" \/><a href=\"https:\/\/derwerf.com\/wp-content\/uploads\/2019\/10\/Leef-je-nog.m4a\">https:\/\/derwerf.com\/wp-content\/uploads\/2019\/10\/Leef-je-nog.m4a<\/a><\/audio>\n<p>leef je nog (2:15)<\/p>\n<audio class=\"wp-audio-shortcode\" id=\"audio-2063-3\" preload=\"none\" style=\"width: 100%;\" controls=\"controls\"><source type=\"audio\/mpeg\" src=\"https:\/\/derwerf.com\/wp-content\/uploads\/2019\/10\/Zacht-op-reis.m4a?_=3\" \/><a href=\"https:\/\/derwerf.com\/wp-content\/uploads\/2019\/10\/Zacht-op-reis.m4a\">https:\/\/derwerf.com\/wp-content\/uploads\/2019\/10\/Zacht-op-reis.m4a<\/a><\/audio>\n<p>zacht op reis in alles (1:13)<\/p>\n<audio class=\"wp-audio-shortcode\" id=\"audio-2063-4\" preload=\"none\" style=\"width: 100%;\" controls=\"controls\"><source type=\"audio\/mpeg\" src=\"https:\/\/derwerf.com\/wp-content\/uploads\/2019\/10\/Zwevende-wolkenbrokken.m4a?_=4\" \/><a href=\"https:\/\/derwerf.com\/wp-content\/uploads\/2019\/10\/Zwevende-wolkenbrokken.m4a\">https:\/\/derwerf.com\/wp-content\/uploads\/2019\/10\/Zwevende-wolkenbrokken.m4a<\/a><\/audio>\n<p>zwevende wolkenbrokken (1:41)<\/p>\n<audio class=\"wp-audio-shortcode\" id=\"audio-2063-5\" preload=\"none\" style=\"width: 100%;\" controls=\"controls\"><source type=\"audio\/mpeg\" src=\"https:\/\/derwerf.com\/wp-content\/uploads\/2019\/10\/Steeds-stiller...m4a?_=5\" \/><a href=\"https:\/\/derwerf.com\/wp-content\/uploads\/2019\/10\/Steeds-stiller...m4a\">https:\/\/derwerf.com\/wp-content\/uploads\/2019\/10\/Steeds-stiller...m4a<\/a><\/audio>\n<p>steeds stiller (1:10)[:]<\/p>\n<\/div>\n\n\t<!--\tThis outputs the post META information -->\n\t<div class=\"entry-utility\">\n\t\t\t\t\t<span class=\"cat-links\">\n\t\t\t\t<span class=\"entry-utility-prep entry-utility-prep-cat-links\">Posted in<\/span> <a href=\"https:\/\/derwerf.com\/index.php\/category\/uncategorized\/\" rel=\"category tag\">Uncategorized<\/a>\t\t\t<\/span>\n\t\t\t<span class=\"meta-sep\">|<\/span>\n\t\t\t\t\t\t<span class=\"comments-link\"><span>Reacties uitgeschakeld<span class=\"screen-reader-text\"> voor [:nl]schildergedichten &#8211; reisgenoten[:]<\/span><\/span><\/span>\n\t\t\t<\/div>\n<\/div>\n<!-- \/\/ Post Wrap End -->\n\n<!-- NOTE: If you need to make changes to this file, copy it to your current theme's main\n\tdirectory so your changes won't be overwritten when the plugin is upgraded. -->\n\n<!-- Post Wrap Start-->\n<div class=\"post hentry ivycat-post\">\n\t\n\t<!-- \tThis outputs the post TITLE -->\n\t<h2 class=\"entry-title\"><a href=\"https:\/\/derwerf.com\/index.php\/2019\/10\/23\/interview-reisgenoten\/\">interview Reisgenoten<\/a><\/h2>\n\n\t<!-- \tThis outputs the post EXCERPT.  To display full content including images and html, \n\t\treplace the_excerpt(); with the_content();  below. -->\n\t<div class=\"entry-summary\">\n\t<h1><img loading=\"lazy\" decoding=\"async\" class=\"alignnone size-full wp-image-2056\" src=\"https:\/\/derwerf.com\/wp-content\/uploads\/2019\/10\/website_interview.jpg\" alt=\"\" width=\"455\" height=\"607\" srcset=\"https:\/\/derwerf.com\/wp-content\/uploads\/2019\/10\/website_interview.jpg 455w, https:\/\/derwerf.com\/wp-content\/uploads\/2019\/10\/website_interview-225x300.jpg 225w\" sizes=\"auto, (max-width: 455px) 100vw, 455px\" \/><\/h1>\n<p><em>Ter ere van<a href=\"https:\/\/www.pulchri.nl\/tentoonstellingen\/reisgenoten\" target=\"_blank\" rel=\"noopener noreferrer\"> de expositie Reisgenoten<\/a> (31 okt t\/m 26 nov 2019 in Pulchri) nam Michiel Schepers ons (Joep en mij) een interview af. Zie\/lees\/ervaar hier het resultaat:<\/em><\/p>\n<h1>Joep Struyk en Hanneke van der Werf: Reisgenoten<\/h1>\n<p>Het begon op Terschelling, iets ten oosten van paal 8, bij het zien van de lage, met helmgras begroeide zandrichels op het brede strand, waaraan hij, de beeldhouwer en zij, de schilder, zich samen verlustigden. Ze zijn niet blijven hangen bij de specifieke vorm van deze merkwaardige, liggende, beginnende duintjes. Het is het vertrekpunt en de inspiratie voor een experiment.<\/p>\n<p>Joep Struyk en Hanneke van der Werf werken aan een gezamenlijke expositie in de Tuingalerie. Het denkwerk dat Joep gewoon is tussen de vondst van het motief en de uitvoering van het werk te situeren (om zo tot zijn tranen, kiemend zaad, of teer blad in marmer te komen), vervangt hij nu door een intu\u00eftiever proces. Neemt hij de duinvorming zelf tot voorbeeld? Of is het de gezamenlijkheid, en h\u00e1\u00e1r spontane werkwijze, die hem parten speelt? Zij is thuis in een uitbundige lyrische abstractie, die eerder emotionele en spirituele dan aesthetische gronden lijkt te hebben. Zij is een innemende vrouw die stevig in haar schoenen lijkt te staan. Lang geleden verwisselde zij een studie communicatie voor haar eigen vorm daarvan. Is zij een waar New Age mens? Haar enorme overtuigingskracht is er niet minder om. Zij schildert geen herkenbare dingen maar\u2026 schildert! Geen wonder dat zij haar positieve levenshouding daarin kwijt kan.<\/p>\n<p>Ik vraag wat die ervaring daar op dat strand, of van dat strand eigenlijk was. Het natuur proces, zegt Joep. Liefde, zegt Hanneke. Altijd liefde. Hoeveel verschillende ervaringen zijn er eigenlijk? Ik denk aan de vreugde die het oerbos, en een grote stad vanaf een hoogte gezien mij brengen. Tegengestelde motieven zijn dat, die wellicht dezelfde vreugdevolle ervaring geven! Hebben we misschien maar een handvol verschillende emotionele ervaringen? Eigenlijk is vreugde ook liefde, liefde voor wat er is, denk ik. Zo kom ik al dichter bij Hanneke\u2019s benadering. Zij schildert niet na. Zij schildert niet de dingen die vreugde geven maar haar levensvreugde zelf. Het werk is een uitnodiging voor de kijker om zichzelf te ervaren, zegt zij. Daarbij is zij gewend om met de kijker in gesprek te gaan, ja, de ander het schilderij in te praten. Joep en Hanneke zijn van plan zichzelf lijfelijk deel van hun tentoonstelling maken door veel in de galerie aanwezig te zijn. Dat belooft wat: het zijn beide mensen waarmee je in gesprek wilt gaan.<\/p>\n<p>Tegenover liefde of vreugde staan pijnlijke ervaringen: angst, geeft Joep als voorbeeld van een niet vreugdevolle ervaring. \u00a0Hij vertoont soms een gepijnigde trek in zijn scherpzinnige gezicht, sporen van iets dat in zijn werk, dat dicht bij elementaire zaken staat, ongetwijfeld tot uiting zal komen.<\/p>\n<p>Onlangs vond Joep een stuk afval marmer bij zijn atelier, waar zijn hond een stok uit het bos aan had toegevoegd. Het deugde, zegt hij, niet alleen als object trouv\u00e9, maar ook gewoon als kunstwerk. Het is misschien een sleutel tot het nieuwe werk dat hij voor heeft. Ik waarschuw hem met het voorbeeld van een lokale beeldhouwer die de ruwe steen al zo mooi vond dat zij er steeds minder in houwde of hakte, totdat ze de ruwe brokken zelf tentoonstelde. Daar hoef ik niet bang voor te zijn, zegt Joep, die tot nu toe\u00a0 de gaafste vormen, en zelfs kwetsbare zaailingen uit het marmer wist te toveren.<\/p>\n<p>Hanneke vraag ik hoe eenduidig het beoogde werk zijn inhoud naar de kijker zal communiceren. Zoals gewoonlijk moet ik even slikken. Alleen het onnavolgbaar bewerkte medium en de idealistische intentie lijken gegeven; de herkenbaarheid en betekenis van het motief worden aan de kijker overgelaten, net als het ge\u00efmpliceerde maar moeilijk leesbare verhaal. Het is goed dat Hanneke er een missie van maakt om de kijker aan de hand te voeren naar zijn eigen opvattingen. \u00a0\u00a0\u00a0\u00a0\u00a0 Joep, vermoed ik, zal ons nog in verbazing brengen. Zijn werk oogt sterk en belooft zich te ontwikkelen naar onvermoede hoogten. Er gaan geruchten van een hele boom in marmer. Maar laten we niet vooruitlopen op de ontwikkelingen, en ongeduldig op deze veelbelovende tentoonstelling wachten.<\/p>\n<p>&nbsp;<\/p>\n<h6>Michiel Schepers<\/h6>\n<p>Michiel is zelf een tekenaar, schilder, schrijver, en een fijn mens. <a href=\"http:\/\/www.michielschepers.edicypages.com\/\" target=\"_blank\" rel=\"noopener noreferrer\">Zie hier zijn website.<\/a><br \/>\nHet stuk is gepubliceerd in het Pulchri Magazine, onderdeel van <a href=\"https:\/\/www.pulchri.nl\/pulchri-studio\" target=\"_blank\" rel=\"noopener noreferrer\">Pulchri Studio<\/a>. Het blad is daar ook te koop.<\/p>\n<\/div>\n\n\t<!--\tThis outputs the post META information -->\n\t<div class=\"entry-utility\">\n\t\t\t\t\t<span class=\"cat-links\">\n\t\t\t\t<span class=\"entry-utility-prep entry-utility-prep-cat-links\">Posted in<\/span> <a href=\"https:\/\/derwerf.com\/index.php\/category\/uncategorized\/\" rel=\"category tag\">Uncategorized<\/a>\t\t\t<\/span>\n\t\t\t<span class=\"meta-sep\">|<\/span>\n\t\t\t\t\t\t<span class=\"comments-link\"><span>Reacties uitgeschakeld<span class=\"screen-reader-text\"> voor interview Reisgenoten<\/span><\/span><\/span>\n\t\t\t<\/div>\n<\/div>\n<!-- \/\/ Post Wrap End -->\n<\/code><\/p>\n","protected":false},"excerpt":{"rendered":"","protected":false},"author":3,"featured_media":0,"parent":0,"menu_order":0,"comment_status":"closed","ping_status":"closed","template":"","meta":{"footnotes":""},"class_list":["post-733","page","type-page","status-publish","hentry"],"jetpack_sharing_enabled":true,"jetpack_shortlink":"https:\/\/wp.me\/P7UKX3-bP","_links":{"self":[{"href":"https:\/\/derwerf.com\/index.php\/wp-json\/wp\/v2\/pages\/733","targetHints":{"allow":["GET"]}}],"collection":[{"href":"https:\/\/derwerf.com\/index.php\/wp-json\/wp\/v2\/pages"}],"about":[{"href":"https:\/\/derwerf.com\/index.php\/wp-json\/wp\/v2\/types\/page"}],"author":[{"embeddable":true,"href":"https:\/\/derwerf.com\/index.php\/wp-json\/wp\/v2\/users\/3"}],"replies":[{"embeddable":true,"href":"https:\/\/derwerf.com\/index.php\/wp-json\/wp\/v2\/comments?post=733"}],"version-history":[{"count":4,"href":"https:\/\/derwerf.com\/index.php\/wp-json\/wp\/v2\/pages\/733\/revisions"}],"predecessor-version":[{"id":743,"href":"https:\/\/derwerf.com\/index.php\/wp-json\/wp\/v2\/pages\/733\/revisions\/743"}],"wp:attachment":[{"href":"https:\/\/derwerf.com\/index.php\/wp-json\/wp\/v2\/media?parent=733"}],"curies":[{"name":"wp","href":"https:\/\/api.w.org\/{rel}","templated":true}]}}